{"id":59,"date":"2023-12-05T14:19:36","date_gmt":"2023-12-05T13:19:36","guid":{"rendered":"https:\/\/www.parken.city\/maw\/?page_id=59"},"modified":"2023-12-07T09:47:01","modified_gmt":"2023-12-07T08:47:01","slug":"parkhaus","status":"publish","type":"page","link":"https:\/\/www.parken.city\/maw\/parkhaus\/","title":{"rendered":"Parkhausbetreiber"},"content":{"rendered":"\n<p>Wir verf\u00fcgen \u00fcber umfangreiche und langj\u00e4hrige Erfahrungen bei der Erstellung von Vermarktungskonzepten f\u00fcr Investoren, Eigent\u00fcmer und Betreiber von Parkh\u00e4usern und Tiefgaragen. Die Umsetzung erfolgt dabei stets unter Ber\u00fccksichtigung der baulichen Gegebenheiten sowie der Einhaltung von Sicherheitsvorschriften und mit R\u00fccksicht auf den laufenden Parkverkehr.<\/p>\n\n\n\n<p>Dabei investieren wir in rentable, moderne Werbetr\u00e4ger und sorgen mit unseren Monteuren und Subunternehmern f\u00fcr deren turnusm\u00e4\u00dfige Pflege und Wartung. In einem zu vereinbarenden Pachtvertrag sichern wir Ihnen eine Beteiligung an den Mieteinnahmen zu sowie die \u00dcbernahme aller Kosten f\u00fcr Investition, Instandhaltung und Strom f\u00fcr die Werbetr\u00e4ger.<\/p>\n\n\n\n<p class=\"has-text-align-center has-medium-font-size\"><strong>Unsere Leistungen f\u00fcr Sie:<\/strong><\/p>\n\n\n\n<div class=\"wp-block-columns is-layout-flex wp-container-core-columns-is-layout-28f84493 wp-block-columns-is-layout-flex\">\n<div class=\"wp-block-column is-layout-flow wp-block-column-is-layout-flow\">\n<div class=\"wp-block-columns is-layout-flex wp-container-core-columns-is-layout-28f84493 wp-block-columns-is-layout-flex\">\n<div class=\"wp-block-column is-layout-flow wp-block-column-is-layout-flow\">\n<p class=\"has-text-align-center has-tertiary-background-color has-background\"><strong>Generierung von Zusatzeinnahmen<\/strong><\/p>\n<\/div>\n\n\n\n<div class=\"wp-block-column is-layout-flow wp-block-column-is-layout-flow\">\n<p class=\"has-text-align-center has-tertiary-background-color has-background\"><strong>Keine Kosten f\u00fcr Beschaffung, Installation und Wartung<\/strong><\/p>\n<\/div>\n<\/div>\n<\/div>\n<\/div>\n\n\n\n<div class=\"wp-block-columns is-layout-flex wp-container-core-columns-is-layout-28f84493 wp-block-columns-is-layout-flex\">\n<div class=\"wp-block-column is-layout-flow wp-block-column-is-layout-flow\">\n<p class=\"has-text-align-center has-tertiary-background-color has-background\"><strong>Erstellung und \u00dcbersendung \u00fcbersichtlicher Pachtgutschriften<\/strong><\/p>\n<\/div>\n\n\n\n<div class=\"wp-block-column is-layout-flow wp-block-column-is-layout-flow\">\n<p class=\"has-text-align-center has-tertiary-background-color has-background\"><strong>Erh\u00f6htes Sicherheits- und Wohlf\u00fchlempfinden f\u00fcr Ihre Parkkunden<\/strong><\/p>\n<\/div>\n<\/div>\n\n\n\n<p>Folgende Akquise-M\u00f6glichkeiten werden bei der Vermarktung von beleuchteten und unbeleuchteten Werbetr\u00e4gern an klein- und mittelst\u00e4ndische Unternehmen, Filialisten oder Agenturen genutzt:<\/p>\n\n\n\n<ul class=\"wp-block-list\">\n<li>zielgruppenorientierte Telefonakquise gepaart mit Mailings<\/li>\n\n\n\n<li>Kaltakquise im Einzugsbereich der jeweiligen Parkobjekte<\/li>\n\n\n\n<li>Zusammenarbeit mit lokalen Agenturen, welche verwandte Medien bedienen<\/li>\n\n\n\n<li>Ansprache des eigenen \u00fcberregional t\u00e4tigen Kundenstamms von Filialisten, Agenturen und Spezialmittlern<\/li>\n\n\n\n<li>aufwendige Umfeldselektionen<\/li>\n<\/ul>\n\n\n\n<p>Bei der \u00dcbernahme von Vermarktungsrechten von Vorvermarktern bewerten wir den optischen Zustand und den Gebrauchswert vorhandener Werbetr\u00e4ger, um diese im positiven Fall zu \u00fcbernehmen oder andernfalls den Austausch gegen formsch\u00f6nere und energieeffizientere Modelle vorzunehmen. Dazu erstellen wir Ihnen eine Bilddokumentation, welche die vorhandenen Werbetr\u00e4ger zeigt und neue Werbetr\u00e4ger an werbetechnisch attraktiven Standorten vorschl\u00e4gt.<\/p>\n\n\n\n<p>In der Regel gelingt es uns, Bestandskunden von Vorvermarktern unter der Voraussetzung zu \u00fcbernehmen, dass ihre Werbefl\u00e4chenmieten auf Marktgerechtheit \u00fcberpr\u00fcft und im Folgenden sukzessive an markt\u00fcbliche Konditionen angepasst werden. Andernfalls werden Neukunden akquiriert.<\/p>\n\n\n\n<p>Wir vermarkten u.a. die Parkobjekte der <a href=\"https:\/\/parkhaus-service.de\/\" data-type=\"link\" data-id=\"https:\/\/parkhaus-service.de\/\" target=\"_blank\" rel=\"noreferrer noopener\">Cologne Parkhaus Service GmbH<\/a>, der <a href=\"https:\/\/www.sabaparking.com\/de\/home\" data-type=\"link\" data-id=\"https:\/\/www.sabaparking.com\/de\/home\" target=\"_blank\" rel=\"noreferrer noopener\">Saba Park Deutschland GmbH<\/a>, verschiedene Objekte der <a href=\"https:\/\/www.galeria.de\/\" data-type=\"link\" data-id=\"https:\/\/www.galeria.de\/\" target=\"_blank\" rel=\"noreferrer noopener\">GALERIA Karstadt Kaufhof GmbH<\/a>, der <a href=\"https:\/\/www.contipark.de\/de\/\" data-type=\"link\" data-id=\"https:\/\/www.contipark.de\/de\/\">Contipark Parkgaragengesellschaft mbH<\/a>, die drei Parkobjekte der <a href=\"https:\/\/www.kadewe.de\/\" data-type=\"link\" data-id=\"https:\/\/www.kadewe.de\/\" target=\"_blank\" rel=\"noreferrer noopener\">The KaDeWe Group<\/a>, der <a href=\"https:\/\/www.leg-stralsund.de\/parkraum\/\" data-type=\"link\" data-id=\"https:\/\/www.leg-stralsund.de\/parkraum\/\" target=\"_blank\" rel=\"noreferrer noopener\">LEG GmbH Stralsund<\/a> sowie diverse Parkobjekte von Einzelbetreibern und Investoren.<\/p>\n\n\n\n<p>Als Referenzobjekte m\u00f6chten wir die Parkobjekte \u201eHauptbahnhof&#8220; und \u201eAdlerstra\u00dfe&#8220; in N\u00fcrnberg, die Parkobjekte am \u201eKaDeWe&#8220; und \u201eEuropacenter&#8220; in Berlin, die Tiefgarage \u201eHauptpost \/ Kapuzinerkarree&#8220; in Aachen, das Parkhaus \u201eLudwigsplatz&#8220; in Karlsruhe oder die Tiefgarage \u201eNeuer Zollhof\u201c in D\u00fcsseldorf benennen.<\/p>\n","protected":false},"excerpt":{"rendered":"<p>Wir verf\u00fcgen \u00fcber umfangreiche und langj\u00e4hrige Erfahrungen bei der Erstellung von Vermarktungskonzepten f\u00fcr Investoren, Eigent\u00fcmer und Betreiber von Parkh\u00e4usern und Tiefgaragen. Die Umsetzung erfolgt dabei stets unter Ber\u00fccksichtigung der baulichen [&hellip;]<\/p>\n","protected":false},"author":1,"featured_media":0,"parent":0,"menu_order":0,"comment_status":"closed","ping_status":"closed","template":"","meta":{"footnotes":""},"class_list":["post-59","page","type-page","status-publish","hentry"],"_links":{"self":[{"href":"https:\/\/www.parken.city\/maw\/wp-json\/wp\/v2\/pages\/59","targetHints":{"allow":["GET"]}}],"collection":[{"href":"https:\/\/www.parken.city\/maw\/wp-json\/wp\/v2\/pages"}],"about":[{"href":"https:\/\/www.parken.city\/maw\/wp-json\/wp\/v2\/types\/page"}],"author":[{"embeddable":true,"href":"https:\/\/www.parken.city\/maw\/wp-json\/wp\/v2\/users\/1"}],"replies":[{"embeddable":true,"href":"https:\/\/www.parken.city\/maw\/wp-json\/wp\/v2\/comments?post=59"}],"version-history":[{"count":7,"href":"https:\/\/www.parken.city\/maw\/wp-json\/wp\/v2\/pages\/59\/revisions"}],"predecessor-version":[{"id":191,"href":"https:\/\/www.parken.city\/maw\/wp-json\/wp\/v2\/pages\/59\/revisions\/191"}],"wp:attachment":[{"href":"https:\/\/www.parken.city\/maw\/wp-json\/wp\/v2\/media?parent=59"}],"curies":[{"name":"wp","href":"https:\/\/api.w.org\/{rel}","templated":true}]}}